{"id":125,"date":"2023-05-19T06:45:54","date_gmt":"2023-05-19T06:45:54","guid":{"rendered":"https:\/\/www.mariemunza.fr\/?page_id=125"},"modified":"2026-03-04T20:56:15","modified_gmt":"2026-03-04T20:56:15","slug":"livres-2","status":"publish","type":"page","link":"https:\/\/www.mariemunza.fr\/?page_id=125","title":{"rendered":"Livres"},"content":{"rendered":"\t\t<div data-elementor-type=\"wp-page\" data-elementor-id=\"125\" class=\"elementor elementor-125\" data-elementor-post-type=\"page\">\n\t\t\t\t\t\t<section class=\"elementor-section elementor-top-section elementor-element elementor-element-2bdc261c elementor-section-full_width elementor-section-height-default elementor-section-height-default\" data-id=\"2bdc261c\" data-element_type=\"section\" data-e-type=\"section\" data-settings=\"{&quot;background_background&quot;:&quot;classic&quot;}\">\n\t\t\t\t\t\t<div class=\"elementor-container elementor-column-gap-no\">\n\t\t\t\t\t<div class=\"elementor-column elementor-col-100 elementor-top-column elementor-element elementor-element-241a7d75\" data-id=\"241a7d75\" data-element_type=\"column\" data-e-type=\"column\">\n\t\t\t<div class=\"elementor-widget-wrap elementor-element-populated\">\n\t\t\t\t\t\t<div class=\"elementor-element elementor-element-f75f1f0 elementor-widget elementor-widget-heading\" data-id=\"f75f1f0\" data-element_type=\"widget\" data-e-type=\"widget\" data-widget_type=\"heading.default\">\n\t\t\t\t<div class=\"elementor-widget-container\">\n\t\t\t\t\t<h2 class=\"elementor-heading-title elementor-size-default\"><b>Les livres <\/b><br><br><\/h2>\t\t\t\t<\/div>\n\t\t\t\t<\/div>\n\t\t\t\t<section class=\"elementor-section elementor-inner-section elementor-element elementor-element-a3959db elementor-section-boxed elementor-section-height-default elementor-section-height-default\" data-id=\"a3959db\" data-element_type=\"section\" data-e-type=\"section\">\n\t\t\t\t\t\t<div class=\"elementor-container elementor-column-gap-default\">\n\t\t\t\t\t<div class=\"elementor-column elementor-col-50 elementor-inner-column elementor-element elementor-element-1f06332\" data-id=\"1f06332\" data-element_type=\"column\" data-e-type=\"column\">\n\t\t\t<div class=\"elementor-widget-wrap elementor-element-populated\">\n\t\t\t\t\t\t<div class=\"elementor-element elementor-element-0b3797b elementor-widget elementor-widget-heading\" data-id=\"0b3797b\" data-element_type=\"widget\" data-e-type=\"widget\" data-widget_type=\"heading.default\">\n\t\t\t\t<div class=\"elementor-widget-container\">\n\t\t\t\t\t<h4 class=\"elementor-heading-title elementor-size-default\"><b>Black in the City, tome 2<\/b><\/h4>\t\t\t\t<\/div>\n\t\t\t\t<\/div>\n\t\t\t\t<div class=\"elementor-element elementor-element-4207af7 elementor-widget elementor-widget-image\" data-id=\"4207af7\" data-element_type=\"widget\" data-e-type=\"widget\" data-widget_type=\"image.default\">\n\t\t\t\t<div class=\"elementor-widget-container\">\n\t\t\t\t\t\t\t\t\t\t\t\t\t\t\t<img fetchpriority=\"high\" decoding=\"async\" width=\"215\" height=\"300\" src=\"https:\/\/www.mariemunza.fr\/wp-content\/uploads\/2025\/10\/BLK-City-couverture-215x300.jpg\" class=\"attachment-medium size-medium wp-image-1853\" alt=\"mariemunzablackinthecitytome2.jpeg\" srcset=\"https:\/\/www.mariemunza.fr\/wp-content\/uploads\/2025\/10\/BLK-City-couverture-215x300.jpg 215w, https:\/\/www.mariemunza.fr\/wp-content\/uploads\/2025\/10\/BLK-City-couverture-735x1024.jpg 735w, https:\/\/www.mariemunza.fr\/wp-content\/uploads\/2025\/10\/BLK-City-couverture-768x1070.jpg 768w, https:\/\/www.mariemunza.fr\/wp-content\/uploads\/2025\/10\/BLK-City-couverture-1103x1536.jpg 1103w, https:\/\/www.mariemunza.fr\/wp-content\/uploads\/2025\/10\/BLK-City-couverture.jpg 1170w\" sizes=\"(max-width: 215px) 100vw, 215px\" \/>\t\t\t\t\t\t\t\t\t\t\t\t\t\t\t<\/div>\n\t\t\t\t<\/div>\n\t\t\t\t<div class=\"elementor-element elementor-element-563181f elementor-widget elementor-widget-text-editor\" data-id=\"563181f\" data-element_type=\"widget\" data-e-type=\"widget\" data-widget_type=\"text-editor.default\">\n\t\t\t\t<div class=\"elementor-widget-container\">\n\t\t\t\t\t\t\t\t\t<p>Black in the City, le tome 2, retrace le parcours d\u2019Amanda PARKS, une femme afrop\u00e9enne qui affronte les clivages identitaires et d\u00e9montre comment la richesse d\u2019une double culture peut devenir un puissant moteur de force et d\u2019\u00e9panouissement.<\/p>\t\t\t\t\t\t\t\t<\/div>\n\t\t\t\t<\/div>\n\t\t\t\t<div class=\"elementor-element elementor-element-1b4ab24 elementor-widget elementor-widget-heading\" data-id=\"1b4ab24\" data-element_type=\"widget\" data-e-type=\"widget\" data-widget_type=\"heading.default\">\n\t\t\t\t<div class=\"elementor-widget-container\">\n\t\t\t\t\t<h4 class=\"elementor-heading-title elementor-size-default\">14\u20ac<\/h4>\t\t\t\t<\/div>\n\t\t\t\t<\/div>\n\t\t\t\t<div class=\"elementor-element elementor-element-3c08e78 elementor-align-center elementor-widget elementor-widget-button\" data-id=\"3c08e78\" data-element_type=\"widget\" data-e-type=\"widget\" data-widget_type=\"button.default\">\n\t\t\t\t<div class=\"elementor-widget-container\">\n\t\t\t\t\t\t\t\t\t<div class=\"elementor-button-wrapper\">\n\t\t\t\t\t<a class=\"elementor-button elementor-button-link elementor-size-sm\" href=\"https:\/\/www.helloeditions.fr\/produit\/black-in-the-city-tome-ii\/\">\n\t\t\t\t\t\t<span class=\"elementor-button-content-wrapper\">\n\t\t\t\t\t\t\t\t\t<span class=\"elementor-button-text\">Commander<\/span>\n\t\t\t\t\t<\/span>\n\t\t\t\t\t<\/a>\n\t\t\t\t<\/div>\n\t\t\t\t\t\t\t\t<\/div>\n\t\t\t\t<\/div>\n\t\t\t\t<div class=\"elementor-element elementor-element-bc4f353 elementor-widget-divider--view-line elementor-widget elementor-widget-divider\" data-id=\"bc4f353\" data-element_type=\"widget\" data-e-type=\"widget\" data-widget_type=\"divider.default\">\n\t\t\t\t<div class=\"elementor-widget-container\">\n\t\t\t\t\t\t\t<div class=\"elementor-divider\">\n\t\t\t<span class=\"elementor-divider-separator\">\n\t\t\t\t\t\t<\/span>\n\t\t<\/div>\n\t\t\t\t\t\t<\/div>\n\t\t\t\t<\/div>\n\t\t\t\t<div class=\"elementor-element elementor-element-3008f5b elementor-widget-divider--view-line elementor-widget elementor-widget-divider\" data-id=\"3008f5b\" data-element_type=\"widget\" data-e-type=\"widget\" data-widget_type=\"divider.default\">\n\t\t\t\t<div class=\"elementor-widget-container\">\n\t\t\t\t\t\t\t<div class=\"elementor-divider\">\n\t\t\t<span class=\"elementor-divider-separator\">\n\t\t\t\t\t\t<\/span>\n\t\t<\/div>\n\t\t\t\t\t\t<\/div>\n\t\t\t\t<\/div>\n\t\t\t\t<div class=\"elementor-element elementor-element-bd46457 elementor-widget elementor-widget-heading\" data-id=\"bd46457\" data-element_type=\"widget\" data-e-type=\"widget\" data-widget_type=\"heading.default\">\n\t\t\t\t<div class=\"elementor-widget-container\">\n\t\t\t\t\t<h4 class=\"elementor-heading-title elementor-size-default\"><b>Mot\u00e9ma <\/b><\/h4>\t\t\t\t<\/div>\n\t\t\t\t<\/div>\n\t\t\t\t<div class=\"elementor-element elementor-element-621e1da elementor-widget elementor-widget-image\" data-id=\"621e1da\" data-element_type=\"widget\" data-e-type=\"widget\" data-widget_type=\"image.default\">\n\t\t\t\t<div class=\"elementor-widget-container\">\n\t\t\t\t\t\t\t\t\t\t\t\t\t\t\t<img decoding=\"async\" width=\"300\" height=\"300\" src=\"https:\/\/www.mariemunza.fr\/wp-content\/uploads\/2026\/03\/Motema.mariemunzajpg-300x300.jpg\" class=\"attachment-medium size-medium wp-image-2039\" alt=\"\" srcset=\"https:\/\/www.mariemunza.fr\/wp-content\/uploads\/2026\/03\/Motema.mariemunzajpg-300x300.jpg 300w, https:\/\/www.mariemunza.fr\/wp-content\/uploads\/2026\/03\/Motema.mariemunzajpg-150x150.jpg 150w, https:\/\/www.mariemunza.fr\/wp-content\/uploads\/2026\/03\/Motema.mariemunzajpg.jpg 340w\" sizes=\"(max-width: 300px) 100vw, 300px\" \/>\t\t\t\t\t\t\t\t\t\t\t\t\t\t\t<\/div>\n\t\t\t\t<\/div>\n\t\t\t\t<div class=\"elementor-element elementor-element-37f3f98 elementor-widget elementor-widget-heading\" data-id=\"37f3f98\" data-element_type=\"widget\" data-e-type=\"widget\" data-widget_type=\"heading.default\">\n\t\t\t\t<div class=\"elementor-widget-container\">\n\t\t\t\t\t<h4 class=\"elementor-heading-title elementor-size-default\">12\u20ac<\/h4>\t\t\t\t<\/div>\n\t\t\t\t<\/div>\n\t\t\t\t<div class=\"elementor-element elementor-element-5a1f9f0 elementor-align-center elementor-widget elementor-widget-button\" data-id=\"5a1f9f0\" data-element_type=\"widget\" data-e-type=\"widget\" data-widget_type=\"button.default\">\n\t\t\t\t<div class=\"elementor-widget-container\">\n\t\t\t\t\t\t\t\t\t<div class=\"elementor-button-wrapper\">\n\t\t\t\t\t<a class=\"elementor-button elementor-button-link elementor-size-sm\" href=\"https:\/\/www.amazon.fr\/Mot\u00e9ma-Marie-Munza\/dp\/B0GHYGDSX4\">\n\t\t\t\t\t\t<span class=\"elementor-button-content-wrapper\">\n\t\t\t\t\t\t\t\t\t<span class=\"elementor-button-text\">Commander<\/span>\n\t\t\t\t\t<\/span>\n\t\t\t\t\t<\/a>\n\t\t\t\t<\/div>\n\t\t\t\t\t\t\t\t<\/div>\n\t\t\t\t<\/div>\n\t\t\t\t<div class=\"elementor-element elementor-element-739716f elementor-widget-divider--view-line elementor-widget elementor-widget-divider\" data-id=\"739716f\" data-element_type=\"widget\" data-e-type=\"widget\" data-widget_type=\"divider.default\">\n\t\t\t\t<div class=\"elementor-widget-container\">\n\t\t\t\t\t\t\t<div class=\"elementor-divider\">\n\t\t\t<span class=\"elementor-divider-separator\">\n\t\t\t\t\t\t<\/span>\n\t\t<\/div>\n\t\t\t\t\t\t<\/div>\n\t\t\t\t<\/div>\n\t\t\t\t<div class=\"elementor-element elementor-element-b3bb9fc elementor-widget-divider--view-line elementor-widget elementor-widget-divider\" data-id=\"b3bb9fc\" data-element_type=\"widget\" data-e-type=\"widget\" data-widget_type=\"divider.default\">\n\t\t\t\t<div class=\"elementor-widget-container\">\n\t\t\t\t\t\t\t<div class=\"elementor-divider\">\n\t\t\t<span class=\"elementor-divider-separator\">\n\t\t\t\t\t\t<\/span>\n\t\t<\/div>\n\t\t\t\t\t\t<\/div>\n\t\t\t\t<\/div>\n\t\t\t\t<div class=\"elementor-element elementor-element-9c73065 elementor-widget elementor-widget-heading\" data-id=\"9c73065\" data-element_type=\"widget\" data-e-type=\"widget\" data-widget_type=\"heading.default\">\n\t\t\t\t<div class=\"elementor-widget-container\">\n\t\t\t\t\t<h4 class=\"elementor-heading-title elementor-size-default\"><b>Black in The City<\/b><\/h4>\t\t\t\t<\/div>\n\t\t\t\t<\/div>\n\t\t\t\t<div class=\"elementor-element elementor-element-061e9e1 elementor-widget elementor-widget-image\" data-id=\"061e9e1\" data-element_type=\"widget\" data-e-type=\"widget\" data-widget_type=\"image.default\">\n\t\t\t\t<div class=\"elementor-widget-container\">\n\t\t\t\t\t\t\t\t\t\t\t\t\t\t\t<img decoding=\"async\" width=\"192\" height=\"300\" src=\"https:\/\/www.mariemunza.fr\/wp-content\/uploads\/2025\/01\/BlackinTheCity-copie-192x300.jpg\" class=\"attachment-medium size-medium wp-image-1526\" alt=\"\" srcset=\"https:\/\/www.mariemunza.fr\/wp-content\/uploads\/2025\/01\/BlackinTheCity-copie-192x300.jpg 192w, https:\/\/www.mariemunza.fr\/wp-content\/uploads\/2025\/01\/BlackinTheCity-copie.jpg 320w\" sizes=\"(max-width: 192px) 100vw, 192px\" \/>\t\t\t\t\t\t\t\t\t\t\t\t\t\t\t<\/div>\n\t\t\t\t<\/div>\n\t\t\t\t<div class=\"elementor-element elementor-element-b89df27 elementor-widget elementor-widget-text-editor\" data-id=\"b89df27\" data-element_type=\"widget\" data-e-type=\"widget\" data-widget_type=\"text-editor.default\">\n\t\t\t\t<div class=\"elementor-widget-container\">\n\t\t\t\t\t\t\t\t\t<p><span style=\"font-weight: 400;\">Black in The City est un roman psychologique et soci\u00e9tal, qui a pour vocation d\u2019ouvrir des pistes de r\u00e9flexion sur la complexit\u00e9 de poss\u00e9der aujourd\u2019hui, une double culture au-del\u00e0 m\u00eame des richesses conf\u00e9r\u00e9es.<\/span><\/p>\t\t\t\t\t\t\t\t<\/div>\n\t\t\t\t<\/div>\n\t\t\t\t<div class=\"elementor-element elementor-element-5fa7705 elementor-widget elementor-widget-heading\" data-id=\"5fa7705\" data-element_type=\"widget\" data-e-type=\"widget\" data-widget_type=\"heading.default\">\n\t\t\t\t<div class=\"elementor-widget-container\">\n\t\t\t\t\t<h4 class=\"elementor-heading-title elementor-size-default\">16\u20ac\n<\/h4>\t\t\t\t<\/div>\n\t\t\t\t<\/div>\n\t\t\t\t<div class=\"elementor-element elementor-element-d80a8e9 elementor-align-center elementor-widget elementor-widget-button\" data-id=\"d80a8e9\" data-element_type=\"widget\" data-e-type=\"widget\" data-widget_type=\"button.default\">\n\t\t\t\t<div class=\"elementor-widget-container\">\n\t\t\t\t\t\t\t\t\t<div class=\"elementor-button-wrapper\">\n\t\t\t\t\t<a class=\"elementor-button elementor-button-link elementor-size-sm\" href=\"https:\/\/www.fnac.com\/a11000421\/Marie-Inaya-Munza-Black-in-the-city\">\n\t\t\t\t\t\t<span class=\"elementor-button-content-wrapper\">\n\t\t\t\t\t\t\t\t\t<span class=\"elementor-button-text\">Commander<\/span>\n\t\t\t\t\t<\/span>\n\t\t\t\t\t<\/a>\n\t\t\t\t<\/div>\n\t\t\t\t\t\t\t\t<\/div>\n\t\t\t\t<\/div>\n\t\t\t\t\t<\/div>\n\t\t<\/div>\n\t\t\t\t<div class=\"elementor-column elementor-col-50 elementor-inner-column elementor-element elementor-element-6c61eee\" data-id=\"6c61eee\" data-element_type=\"column\" data-e-type=\"column\">\n\t\t\t<div class=\"elementor-widget-wrap\">\n\t\t\t\t\t\t\t<\/div>\n\t\t<\/div>\n\t\t\t\t\t<\/div>\n\t\t<\/section>\n\t\t\t\t\t<\/div>\n\t\t<\/div>\n\t\t\t\t\t<\/div>\n\t\t<\/section>\n\t\t\t\t<\/div>\n\t\t","protected":false},"excerpt":{"rendered":"<p>Les livres Black in the City, tome 2 Black in the City, le tome 2, retrace le parcours d\u2019Amanda PARKS, une femme afrop\u00e9enne qui affronte les clivages identitaires et d\u00e9montre comment la richesse d\u2019une double culture peut devenir un puissant moteur de force et d\u2019\u00e9panouissement. 14\u20ac Commander Mot\u00e9ma 12\u20ac Commander Black in The City Black [&hellip;]<\/p>\n","protected":false},"author":1,"featured_media":0,"parent":0,"menu_order":0,"comment_status":"closed","ping_status":"closed","template":"","meta":{"footnotes":""},"class_list":["post-125","page","type-page","status-publish","hentry"],"yoast_head":"<!-- This site is optimized with the Yoast SEO Premium plugin v27.0 (Yoast SEO v27.1.1) - https:\/\/yoast.com\/product\/yoast-seo-premium-wordpress\/ -->\n<title>Livres - mariemunza - Site officiel<\/title>\n<meta name=\"robots\" content=\"index, follow, max-snippet:-1, max-image-preview:large, max-video-preview:-1\" \/>\n<link rel=\"canonical\" href=\"https:\/\/www.mariemunza.fr\/?page_id=125\" \/>\n<meta property=\"og:locale\" content=\"fr_FR\" \/>\n<meta property=\"og:type\" content=\"article\" \/>\n<meta property=\"og:title\" content=\"Livres\" \/>\n<meta property=\"og:description\" content=\"Les livres Black in the City, tome 2 Black in the City, le tome 2, retrace le parcours d\u2019Amanda PARKS, une femme afrop\u00e9enne qui affronte les clivages identitaires et d\u00e9montre comment la richesse d\u2019une double culture peut devenir un puissant moteur de force et d\u2019\u00e9panouissement. 14\u20ac Commander Mot\u00e9ma 12\u20ac Commander Black in The City Black [&hellip;]\" \/>\n<meta property=\"og:url\" content=\"https:\/\/www.mariemunza.fr\/?page_id=125\" \/>\n<meta property=\"og:site_name\" content=\"mariemunza - Site officiel\" \/>\n<meta property=\"article:modified_time\" content=\"2026-03-04T20:56:15+00:00\" \/>\n<meta property=\"og:image\" content=\"https:\/\/www.mariemunza.fr\/wp-content\/uploads\/2025\/10\/BLK-City-couverture.jpg\" \/>\n\t<meta property=\"og:image:width\" content=\"1170\" \/>\n\t<meta property=\"og:image:height\" content=\"1630\" \/>\n\t<meta property=\"og:image:type\" content=\"image\/jpeg\" \/>\n<meta name=\"twitter:card\" content=\"summary_large_image\" \/>\n<meta name=\"twitter:label1\" content=\"Dur\u00e9e de lecture estim\u00e9e\" \/>\n\t<meta name=\"twitter:data1\" content=\"2 minutes\" \/>\n<script type=\"application\/ld+json\" class=\"yoast-schema-graph\">{\"@context\":\"https:\/\/schema.org\",\"@graph\":[{\"@type\":\"WebPage\",\"@id\":\"https:\/\/www.mariemunza.fr\/?page_id=125\",\"url\":\"https:\/\/www.mariemunza.fr\/?page_id=125\",\"name\":\"Livres - mariemunza - Site officiel\",\"isPartOf\":{\"@id\":\"https:\/\/www.mariemunza.fr\/#website\"},\"primaryImageOfPage\":{\"@id\":\"https:\/\/www.mariemunza.fr\/?page_id=125#primaryimage\"},\"image\":{\"@id\":\"https:\/\/www.mariemunza.fr\/?page_id=125#primaryimage\"},\"thumbnailUrl\":\"https:\/\/www.mariemunza.fr\/wp-content\/uploads\/2025\/10\/BLK-City-couverture-215x300.jpg\",\"datePublished\":\"2023-05-19T06:45:54+00:00\",\"dateModified\":\"2026-03-04T20:56:15+00:00\",\"breadcrumb\":{\"@id\":\"https:\/\/www.mariemunza.fr\/?page_id=125#breadcrumb\"},\"inLanguage\":\"fr-FR\",\"potentialAction\":[{\"@type\":\"ReadAction\",\"target\":[\"https:\/\/www.mariemunza.fr\/?page_id=125\"]}]},{\"@type\":\"ImageObject\",\"inLanguage\":\"fr-FR\",\"@id\":\"https:\/\/www.mariemunza.fr\/?page_id=125#primaryimage\",\"url\":\"https:\/\/www.mariemunza.fr\/wp-content\/uploads\/2025\/10\/BLK-City-couverture.jpg\",\"contentUrl\":\"https:\/\/www.mariemunza.fr\/wp-content\/uploads\/2025\/10\/BLK-City-couverture.jpg\",\"width\":1170,\"height\":1630,\"caption\":\"mariemunzablackinthecitytome2.jpeg\"},{\"@type\":\"BreadcrumbList\",\"@id\":\"https:\/\/www.mariemunza.fr\/?page_id=125#breadcrumb\",\"itemListElement\":[{\"@type\":\"ListItem\",\"position\":1,\"name\":\"Accueil\",\"item\":\"https:\/\/www.mariemunza.fr\/\"},{\"@type\":\"ListItem\",\"position\":2,\"name\":\"Livres\"}]},{\"@type\":\"WebSite\",\"@id\":\"https:\/\/www.mariemunza.fr\/#website\",\"url\":\"https:\/\/www.mariemunza.fr\/\",\"name\":\"marie munza - Site officiel\",\"description\":\"Ecrivaine Marie Munza - Site officiel\",\"publisher\":{\"@id\":\"https:\/\/www.mariemunza.fr\/#organization\"},\"potentialAction\":[{\"@type\":\"SearchAction\",\"target\":{\"@type\":\"EntryPoint\",\"urlTemplate\":\"https:\/\/www.mariemunza.fr\/?s={search_term_string}\"},\"query-input\":{\"@type\":\"PropertyValueSpecification\",\"valueRequired\":true,\"valueName\":\"search_term_string\"}}],\"inLanguage\":\"fr-FR\"},{\"@type\":\"Organization\",\"@id\":\"https:\/\/www.mariemunza.fr\/#organization\",\"name\":\"mariemunza - Site officiel\",\"url\":\"https:\/\/www.mariemunza.fr\/\",\"logo\":{\"@type\":\"ImageObject\",\"inLanguage\":\"fr-FR\",\"@id\":\"https:\/\/www.mariemunza.fr\/#\/schema\/logo\/image\/\",\"url\":\"https:\/\/www.mariemunza.fr\/wp-content\/uploads\/2023\/05\/mariemunza-e1738321263836.png\",\"contentUrl\":\"https:\/\/www.mariemunza.fr\/wp-content\/uploads\/2023\/05\/mariemunza-e1738321263836.png\",\"width\":500,\"height\":239,\"caption\":\"mariemunza - Site officiel\"},\"image\":{\"@id\":\"https:\/\/www.mariemunza.fr\/#\/schema\/logo\/image\/\"}}]}<\/script>\n<!-- \/ Yoast SEO Premium plugin. -->","yoast_head_json":{"title":"Livres - mariemunza - Site officiel","robots":{"index":"index","follow":"follow","max-snippet":"max-snippet:-1","max-image-preview":"max-image-preview:large","max-video-preview":"max-video-preview:-1"},"canonical":"https:\/\/www.mariemunza.fr\/?page_id=125","og_locale":"fr_FR","og_type":"article","og_title":"Livres","og_description":"Les livres Black in the City, tome 2 Black in the City, le tome 2, retrace le parcours d\u2019Amanda PARKS, une femme afrop\u00e9enne qui affronte les clivages identitaires et d\u00e9montre comment la richesse d\u2019une double culture peut devenir un puissant moteur de force et d\u2019\u00e9panouissement. 14\u20ac Commander Mot\u00e9ma 12\u20ac Commander Black in The City Black [&hellip;]","og_url":"https:\/\/www.mariemunza.fr\/?page_id=125","og_site_name":"mariemunza - Site officiel","article_modified_time":"2026-03-04T20:56:15+00:00","og_image":[{"width":1170,"height":1630,"url":"https:\/\/www.mariemunza.fr\/wp-content\/uploads\/2025\/10\/BLK-City-couverture.jpg","type":"image\/jpeg"}],"twitter_card":"summary_large_image","twitter_misc":{"Dur\u00e9e de lecture estim\u00e9e":"2 minutes"},"schema":{"@context":"https:\/\/schema.org","@graph":[{"@type":"WebPage","@id":"https:\/\/www.mariemunza.fr\/?page_id=125","url":"https:\/\/www.mariemunza.fr\/?page_id=125","name":"Livres - mariemunza - Site officiel","isPartOf":{"@id":"https:\/\/www.mariemunza.fr\/#website"},"primaryImageOfPage":{"@id":"https:\/\/www.mariemunza.fr\/?page_id=125#primaryimage"},"image":{"@id":"https:\/\/www.mariemunza.fr\/?page_id=125#primaryimage"},"thumbnailUrl":"https:\/\/www.mariemunza.fr\/wp-content\/uploads\/2025\/10\/BLK-City-couverture-215x300.jpg","datePublished":"2023-05-19T06:45:54+00:00","dateModified":"2026-03-04T20:56:15+00:00","breadcrumb":{"@id":"https:\/\/www.mariemunza.fr\/?page_id=125#breadcrumb"},"inLanguage":"fr-FR","potentialAction":[{"@type":"ReadAction","target":["https:\/\/www.mariemunza.fr\/?page_id=125"]}]},{"@type":"ImageObject","inLanguage":"fr-FR","@id":"https:\/\/www.mariemunza.fr\/?page_id=125#primaryimage","url":"https:\/\/www.mariemunza.fr\/wp-content\/uploads\/2025\/10\/BLK-City-couverture.jpg","contentUrl":"https:\/\/www.mariemunza.fr\/wp-content\/uploads\/2025\/10\/BLK-City-couverture.jpg","width":1170,"height":1630,"caption":"mariemunzablackinthecitytome2.jpeg"},{"@type":"BreadcrumbList","@id":"https:\/\/www.mariemunza.fr\/?page_id=125#breadcrumb","itemListElement":[{"@type":"ListItem","position":1,"name":"Accueil","item":"https:\/\/www.mariemunza.fr\/"},{"@type":"ListItem","position":2,"name":"Livres"}]},{"@type":"WebSite","@id":"https:\/\/www.mariemunza.fr\/#website","url":"https:\/\/www.mariemunza.fr\/","name":"marie munza - Site officiel","description":"Ecrivaine Marie Munza - Site officiel","publisher":{"@id":"https:\/\/www.mariemunza.fr\/#organization"},"potentialAction":[{"@type":"SearchAction","target":{"@type":"EntryPoint","urlTemplate":"https:\/\/www.mariemunza.fr\/?s={search_term_string}"},"query-input":{"@type":"PropertyValueSpecification","valueRequired":true,"valueName":"search_term_string"}}],"inLanguage":"fr-FR"},{"@type":"Organization","@id":"https:\/\/www.mariemunza.fr\/#organization","name":"mariemunza - Site officiel","url":"https:\/\/www.mariemunza.fr\/","logo":{"@type":"ImageObject","inLanguage":"fr-FR","@id":"https:\/\/www.mariemunza.fr\/#\/schema\/logo\/image\/","url":"https:\/\/www.mariemunza.fr\/wp-content\/uploads\/2023\/05\/mariemunza-e1738321263836.png","contentUrl":"https:\/\/www.mariemunza.fr\/wp-content\/uploads\/2023\/05\/mariemunza-e1738321263836.png","width":500,"height":239,"caption":"mariemunza - Site officiel"},"image":{"@id":"https:\/\/www.mariemunza.fr\/#\/schema\/logo\/image\/"}}]}},"_links":{"self":[{"href":"https:\/\/www.mariemunza.fr\/index.php?rest_route=\/wp\/v2\/pages\/125","targetHints":{"allow":["GET"]}}],"collection":[{"href":"https:\/\/www.mariemunza.fr\/index.php?rest_route=\/wp\/v2\/pages"}],"about":[{"href":"https:\/\/www.mariemunza.fr\/index.php?rest_route=\/wp\/v2\/types\/page"}],"author":[{"embeddable":true,"href":"https:\/\/www.mariemunza.fr\/index.php?rest_route=\/wp\/v2\/users\/1"}],"replies":[{"embeddable":true,"href":"https:\/\/www.mariemunza.fr\/index.php?rest_route=%2Fwp%2Fv2%2Fcomments&post=125"}],"version-history":[{"count":228,"href":"https:\/\/www.mariemunza.fr\/index.php?rest_route=\/wp\/v2\/pages\/125\/revisions"}],"predecessor-version":[{"id":2052,"href":"https:\/\/www.mariemunza.fr\/index.php?rest_route=\/wp\/v2\/pages\/125\/revisions\/2052"}],"wp:attachment":[{"href":"https:\/\/www.mariemunza.fr\/index.php?rest_route=%2Fwp%2Fv2%2Fmedia&parent=125"}],"curies":[{"name":"wp","href":"https:\/\/api.w.org\/{rel}","templated":true}]}}